{"id":49,"date":"2021-04-24T10:27:18","date_gmt":"2021-04-24T10:27:18","guid":{"rendered":"https:\/\/apdir.org\/?page_id=49"},"modified":"2023-07-13T08:46:57","modified_gmt":"2023-07-13T08:46:57","slug":"suport-i-assessorament","status":"publish","type":"page","link":"https:\/\/apdir.org\/?page_id=49","title":{"rendered":"SUPORT I ASSESSORAMENT"},"content":{"rendered":"\n<p><strong>GUIA DEL GRAU DE DISCAPACITAT &#8211; FEDERACI\u00d3 CATALANA D&#8217;AUTISME &#8211;<\/strong><\/p>\n\n\n\n<p><a href=\"https:\/\/apdir.org\/wp-content\/uploads\/2023\/07\/GUIA-GRAU-DISCAPACITAT.pdf\">https:\/\/apdir.org\/wp-content\/uploads\/2023\/07\/GUIA-GRAU-DISCAPACITAT.pdf<\/a><\/p>\n\n\n\n<h3 class=\"wp-block-heading\">Ayuntamiento de Rub\u00ed &#8211; Oficina de Atenci\u00f3n a la Diversidad Funcional (OADF) <\/h3>\n\n\n\n<ul class=\"wp-block-list\">\n<li><a href=\"https:\/\/www.rubi.cat\/es\/temas\/diversidad-funcional\/atencion-a-la-diversidad-funcional\/oficina-de-atencion-a-la-diversidad-funcional-oadf\" data-type=\"URL\" data-id=\"https:\/\/www.rubi.cat\/es\/temas\/diversidad-funcional\/atencion-a-la-diversidad-funcional\/oficina-de-atencion-a-la-diversidad-funcional-oadf\">Clica aqu\u00ed para entrar en la web de la OADF<\/a><\/li>\n<\/ul>\n\n\n\n<p><strong>&nbsp;Lunes y martes de 16 a 19 h (con cita previa)&nbsp;<\/strong><br>&nbsp;Edificio de Servicios a las Personas (c. General Prim, 33-35, 2\u00ba)<\/p>\n\n\n\n<p><strong>&nbsp;Mi\u00e9rcoles, jueves y viernes de 8.30 a 15 h&nbsp;<\/strong><br>&nbsp;OAC Las Torres (rambleta Joan Mir\u00f3, s\/n)<\/p>\n\n\n\n<p><strong>&nbsp;93 588 70 00 (ext. 2607)<\/strong><br><strong><a rel=\"noreferrer noopener\" href=\"mailto:oadf@ajrubi.cat\" target=\"_blank\">&nbsp;oadf@ajrubi.cat&nbsp;<\/a><\/strong>&nbsp;<\/p>\n\n\n\n<h3 class=\"wp-block-heading\"><strong>Departament de Treball, Afers Socials i Fam\u00edlies de la Generalitat de Cataluny<\/strong>a<\/h3>\n\n\n\n<ul class=\"wp-block-list\">\n<li><a href=\"https:\/\/treballiaferssocials.gencat.cat\/ca\/ambits_tematics\/persones_amb_discapacitat\/\">Clica aqu\u00ed per veure Informaci\u00f3 i serveis socials per als discapacitats en la web de la Gencat<\/a><\/li>\n<\/ul>\n\n\n\n<p><strong>012 &#8211; Tel\u00e8fon d&#8217;Atenci\u00f3 Ciutadana de la Generalitat<\/strong><\/p>\n\n\n\n<p>Tel\u00e8fon d\u2019informaci\u00f3 sobre els serveis i actuacions de la Generalitat de Catalunya, temes d\u2019inter\u00e8s ciutad\u00e0 i suport a la gesti\u00f3 dels seus tr\u00e0mits. Aquest servei d\u2019informaci\u00f3 general de la Generalitat de Catalunya est\u00e0 disponible de 8 a 22h, de dilluns a divendres no festius.<\/p>\n\n\n\n<h3 class=\"wp-block-heading\">Seguridad Social: Prestaciones personas con discapacidad<\/h3>\n\n\n\n<ul class=\"wp-block-list\">\n<li><a href=\"https:\/\/www.seg-social.es\/wps\/portal\/wss\/internet\/Trabajadores\/PrestacionesPensionesTrabajadores\/10967\/27924\/27936\">Clica aqu\u00ed para entrar en la web de la segurida social<\/a><\/li>\n<\/ul>\n\n\n\n<h3 class=\"wp-block-heading\">Agencia tributaria, beneficios para personas con discapacidad<\/h3>\n\n\n\n<ul class=\"wp-block-list\">\n<li><a href=\"https:\/\/www.agenciatributaria.es\/AEAT.internet\/Inicio\/_Segmentos_\/Ciudadanos\/Discapacitados\/Discapacitados.shtml\">Clica aqui per veure la informaci\u00f3 de la AEAT amb els beneficis als discapacitats<\/a><\/li>\n<\/ul>\n\n\n\n<p><\/p>\n\n\n\n<h3 class=\"wp-block-heading\">C<strong>EE Ca n\u2019Oriol<\/strong><\/h3>\n\n\n\n<ul class=\"wp-block-list\">\n<li><a href=\"https:\/\/agora.xtec.cat\/cee-canoriol\/?loggedout=true\">Clica aqui per accedir a la web de la escola<\/a><\/li>\n<\/ul>\n\n\n\n<p>Centro P\u00fablico de Educaci\u00f3n Especial. <\/p>\n\n\n\n<p>Tel\u00e9fono: 936978390 \/ Fax: 935880547<\/p>\n\n\n\n<p>Direcci\u00f3n: c\/ Granada, 31     08191 Rub\u00ed<\/p>\n","protected":false},"excerpt":{"rendered":"<p>GUIA DEL GRAU DE DISCAPACITAT &#8211; FEDERACI\u00d3 CATALANA D&#8217;AUTISME &#8211; https:\/\/apdir.org\/wp-content\/uploads\/2023\/07\/GUIA-GRAU-DISCAPACITAT.pdf Ayuntamiento de Rub\u00ed &#8211; Oficina de Atenci\u00f3n a la Diversidad Funcional (OADF) &nbsp;Lunes y &hellip;<\/p>\n","protected":false},"author":1,"featured_media":0,"parent":0,"menu_order":0,"comment_status":"closed","ping_status":"closed","template":"","meta":{"om_disable_all_campaigns":false,"_monsterinsights_skip_tracking":false,"_monsterinsights_sitenote_active":false,"_monsterinsights_sitenote_note":"","_monsterinsights_sitenote_category":0,"footnotes":""},"class_list":["post-49","page","type-page","status-publish","hentry"],"_links":{"self":[{"href":"https:\/\/apdir.org\/index.php?rest_route=\/wp\/v2\/pages\/49","targetHints":{"allow":["GET"]}}],"collection":[{"href":"https:\/\/apdir.org\/index.php?rest_route=\/wp\/v2\/pages"}],"about":[{"href":"https:\/\/apdir.org\/index.php?rest_route=\/wp\/v2\/types\/page"}],"author":[{"embeddable":true,"href":"https:\/\/apdir.org\/index.php?rest_route=\/wp\/v2\/users\/1"}],"replies":[{"embeddable":true,"href":"https:\/\/apdir.org\/index.php?rest_route=%2Fwp%2Fv2%2Fcomments&post=49"}],"version-history":[{"count":35,"href":"https:\/\/apdir.org\/index.php?rest_route=\/wp\/v2\/pages\/49\/revisions"}],"predecessor-version":[{"id":545,"href":"https:\/\/apdir.org\/index.php?rest_route=\/wp\/v2\/pages\/49\/revisions\/545"}],"wp:attachment":[{"href":"https:\/\/apdir.org\/index.php?rest_route=%2Fwp%2Fv2%2Fmedia&parent=49"}],"curies":[{"name":"wp","href":"https:\/\/api.w.org\/{rel}","templated":true}]}}