{"id":2,"date":"2016-05-10T03:48:21","date_gmt":"2016-05-10T03:48:21","guid":{"rendered":"https:\/\/apdir.org\/?page_id=2"},"modified":"2023-04-07T10:55:32","modified_gmt":"2023-04-07T10:55:32","slug":"home","status":"publish","type":"page","link":"https:\/\/apdir.org\/","title":{"rendered":"BENVINGUT A APDIR, ASOCIACION DE PERSONAS CON DISCAPACIDAD DE RUB\u00cd !"},"content":{"rendered":"\n<p class=\"has-text-color\" style=\"color:#ea812e\"><strong>QUI SOM ?<\/strong><\/p>\n\n\n\n<p class=\"_04xlpA direction-ltr align-start para-style-body\"><span class=\"JsGRdQ\">Som <strong>Apdir<\/strong>, \u00ab<strong>Associaci\u00f3 de Persones amb Discapacitat Intel\u00b7lectual de Rub\u00ed<\/strong> \u00ab, una entitat sense anim de lucre, dedicada a la tasca de inserci\u00f3 social de les persones amb discapacitat ps\u00edquica.<\/span><\/p>\n\n\n\n<p class=\"_04xlpA direction-ltr align-start para-style-body\"><span class=\"JsGRdQ\">El nostre ambit d&#8217;actuaci\u00f3 es Rub\u00ed i la seva area d&#8217;influencia.<\/span><\/p>\n\n\n\n<p class=\"_04xlpA direction-ltr align-start para-style-body\"><span class=\"JsGRdQ\">L&#8217;any<strong> 1978<\/strong> un grup de fam\u00edlies amb infants amb discapacitat ps\u00edquica de totes les edats van fundar l&#8217;Associaci\u00f3 Pro Minusvalids Ps\u00edquics de Rub\u00ed, la qual va ser declarada d&#8217;Utilitat P\u00fablica per O.M. de<strong> 31 de Gener de<\/strong> <strong>1984<\/strong>.<\/span><\/p>\n\n\n\n<p class=\"_04xlpA direction-ltr align-start para-style-body\"><span class=\"JsGRdQ\">Al llarg d&#8217;aquest temps l&#8217;entitat ha aconseguit que algunes d&#8217;aquestes persones quan han acabat l&#8217;etapa escolar tinguin un lloc de treball a la <strong>Finca Font del Ferro<\/strong> on es potencia una autonomia personal i social , la m\u00e0xima que sigui possible.<\/span><\/p>\n\n\n\n<p class=\"_04xlpA direction-ltr align-start para-style-body\"><span class=\"JsGRdQ\">A l&#8217;any <strong>2014<\/strong> l&#8217;associaci\u00f3 ha modificat el seu nom, adaptant-se a la nomenclatura utilitzada pels col\u00b7lectius i t\u00e8cnics. L&#8217;Associaci\u00f3 de Persones amb Diversitat Intel\u00b7lectual de Rub\u00ed (APDIR) es troba en un proc\u00e9s de renovaci\u00f3 que intenta lluitar amb m\u00e9s for\u00e7a pels drets de totes les persones amb diversitat intel\u00b7lectual de Rub\u00ed. Ha contribuit amb la renovaci\u00f3 del logo el artista Artur Sans\u00f3.<\/span><\/p>\n\n\n\n<h5 class=\"wp-block-heading\">QUE PRETENEM ?<\/h5>\n\n\n\n<p class=\"_04xlpA direction-ltr align-start para-style-body\"><span class=\"JsGRdQ\">-Oferir<strong> serveis de suport i orientaci\u00f3<\/strong> a les fam\u00edlies de persones amb diversitat intel\u00b7lectual,<\/span><\/p>\n\n\n\n<p class=\"_04xlpA direction-ltr align-start para-style-body\"><span class=\"JsGRdQ\"><strong>-Fomentar i potenciar la integraci\u00f3<\/strong> d&#8217;aquest sector de la poblaci\u00f3.<\/span><\/p>\n\n\n\n<p class=\"_04xlpA direction-ltr align-start para-style-body\"><span class=\"JsGRdQ\">&#8211;<strong>Organitzar activitats<\/strong> per a la millora de la qualitat de vida d\u2019aquestes persones, ja siguin d\u2019oci, de formaci\u00f3, culturals\u2026<\/span><\/p>\n\n\n\n<p class=\"_04xlpA direction-ltr align-start para-style-body\"><span class=\"JsGRdQ\"><strong>-Informar dels tr\u00e0mits<\/strong> que cal seguir per obtenir el suport de les institucions, tant a l&#8217;\u00e0mbit de l&#8217;ensenyament com el laboral, assistencial, residencial\u2026<\/span><\/p>\n\n\n\n<p><\/p>\n","protected":false},"excerpt":{"rendered":"<p>QUI SOM ? Som Apdir, \u00abAssociaci\u00f3 de Persones amb Discapacitat Intel\u00b7lectual de Rub\u00ed \u00ab, una entitat sense anim de lucre, dedicada a la tasca de &hellip;<\/p>\n","protected":false},"author":1,"featured_media":0,"parent":0,"menu_order":0,"comment_status":"closed","ping_status":"closed","template":"","meta":{"om_disable_all_campaigns":false,"_monsterinsights_skip_tracking":false,"_monsterinsights_sitenote_active":false,"_monsterinsights_sitenote_note":"","_monsterinsights_sitenote_category":0,"footnotes":""},"class_list":["post-2","page","type-page","status-publish","hentry"],"_links":{"self":[{"href":"https:\/\/apdir.org\/index.php?rest_route=\/wp\/v2\/pages\/2","targetHints":{"allow":["GET"]}}],"collection":[{"href":"https:\/\/apdir.org\/index.php?rest_route=\/wp\/v2\/pages"}],"about":[{"href":"https:\/\/apdir.org\/index.php?rest_route=\/wp\/v2\/types\/page"}],"author":[{"embeddable":true,"href":"https:\/\/apdir.org\/index.php?rest_route=\/wp\/v2\/users\/1"}],"replies":[{"embeddable":true,"href":"https:\/\/apdir.org\/index.php?rest_route=%2Fwp%2Fv2%2Fcomments&post=2"}],"version-history":[{"count":58,"href":"https:\/\/apdir.org\/index.php?rest_route=\/wp\/v2\/pages\/2\/revisions"}],"predecessor-version":[{"id":526,"href":"https:\/\/apdir.org\/index.php?rest_route=\/wp\/v2\/pages\/2\/revisions\/526"}],"wp:attachment":[{"href":"https:\/\/apdir.org\/index.php?rest_route=%2Fwp%2Fv2%2Fmedia&parent=2"}],"curies":[{"name":"wp","href":"https:\/\/api.w.org\/{rel}","templated":true}]}}